{"id":13715,"date":"2026-02-12T11:41:06","date_gmt":"2026-02-12T10:41:06","guid":{"rendered":"https:\/\/b2b.ilumen.solar\/?page_id=13715"},"modified":"2026-03-06T13:54:35","modified_gmt":"2026-03-06T12:54:35","slug":"blog","status":"publish","type":"page","link":"https:\/\/b2b.ilumen.solar\/fr\/blog\/","title":{"rendered":"Blog"},"content":{"rendered":"<div data-elementor-type=\"wp-page\" data-elementor-id=\"13715\" class=\"elementor elementor-13715\" data-elementor-post-type=\"page\">\n\t\t\t\t<div class=\"elementor-element elementor-element-d648f28 e-flex e-con-boxed e-con e-parent\" data-id=\"d648f28\" data-element_type=\"container\" data-e-type=\"container\">\n\t\t\t\t\t<div class=\"e-con-inner\">\n\t\t\t\t<div class=\"elementor-element elementor-element-8d1fd82 elementor-grid-3 elementor-grid-tablet-2 elementor-grid-mobile-1 elementor-posts--thumbnail-top elementor-card-shadow-yes elementor-posts__hover-gradient load-more-align-center elementor-widget elementor-widget-posts\" data-id=\"8d1fd82\" data-element_type=\"widget\" data-e-type=\"widget\" data-settings=\"{&quot;pagination_type&quot;:&quot;load_more_on_click&quot;,&quot;cards_columns&quot;:&quot;3&quot;,&quot;cards_columns_tablet&quot;:&quot;2&quot;,&quot;cards_columns_mobile&quot;:&quot;1&quot;,&quot;cards_row_gap&quot;:{&quot;unit&quot;:&quot;px&quot;,&quot;size&quot;:35,&quot;sizes&quot;:[]},&quot;cards_row_gap_tablet&quot;:{&quot;unit&quot;:&quot;px&quot;,&quot;size&quot;:&quot;&quot;,&quot;sizes&quot;:[]},&quot;cards_row_gap_mobile&quot;:{&quot;unit&quot;:&quot;px&quot;,&quot;size&quot;:&quot;&quot;,&quot;sizes&quot;:[]},&quot;load_more_spinner&quot;:{&quot;value&quot;:&quot;fas fa-spinner&quot;,&quot;library&quot;:&quot;fa-solid&quot;}}\" data-widget_type=\"posts.cards\">\n\t\t\t\t<div class=\"elementor-widget-container\">\n\t\t\t\t\t\t\t<div class=\"elementor-posts-container elementor-posts elementor-posts--skin-cards elementor-grid\" role=\"list\">\n\t\t\t\t<article class=\"elementor-post elementor-grid-item post-15140 post type-post status-publish format-standard has-post-thumbnail hentry category-b2b\" role=\"listitem\">\n\t\t\t<div class=\"elementor-post__card\">\n\t\t\t\t<a class=\"elementor-post__thumbnail__link\" href=\"https:\/\/b2b.ilumen.solar\/fr\/onbalansmarkt-elektriciteitsprijs-kwartier\/\" tabindex=\"-1\" ><div class=\"elementor-post__thumbnail\"><img fetchpriority=\"high\" decoding=\"async\" width=\"300\" height=\"199\" src=\"https:\/\/b2b.ilumen.solar\/wp-content\/uploads\/2026\/03\/nicholas-cappello-Wb63zqJ5gnE-unsplash-300x199.jpg\" class=\"attachment-medium size-medium wp-image-15149\" alt=\"Nicholas Cappello Wb63zqj5gne Unsplash\" srcset=\"https:\/\/b2b.ilumen.solar\/wp-content\/uploads\/2026\/03\/nicholas-cappello-Wb63zqJ5gnE-unsplash-300x199.jpg 300w, https:\/\/b2b.ilumen.solar\/wp-content\/uploads\/2026\/03\/nicholas-cappello-Wb63zqJ5gnE-unsplash-1024x680.jpg 1024w, https:\/\/b2b.ilumen.solar\/wp-content\/uploads\/2026\/03\/nicholas-cappello-Wb63zqJ5gnE-unsplash-768x510.jpg 768w, https:\/\/b2b.ilumen.solar\/wp-content\/uploads\/2026\/03\/nicholas-cappello-Wb63zqJ5gnE-unsplash-1536x1020.jpg 1536w, https:\/\/b2b.ilumen.solar\/wp-content\/uploads\/2026\/03\/nicholas-cappello-Wb63zqJ5gnE-unsplash-18x12.jpg 18w, https:\/\/b2b.ilumen.solar\/wp-content\/uploads\/2026\/03\/nicholas-cappello-Wb63zqJ5gnE-unsplash.jpg 1920w\" sizes=\"(max-width: 300px) 100vw, 300px\" \/><\/div><\/a>\n\t\t\t\t<div class=\"elementor-post__badge\">b2b<\/div>\n\t\t\t\t<div class=\"elementor-post__text\">\n\t\t\t\t<h3 class=\"elementor-post__title\">\n\t\t\t<a href=\"https:\/\/b2b.ilumen.solar\/fr\/onbalansmarkt-elektriciteitsprijs-kwartier\/\" >\n\t\t\t\tPourquoi le prix de l'\u00e9lectricit\u00e9 change toutes les 15 minutes\t\t\t<\/a>\n\t\t<\/h3>\n\t\t\t\t<div class=\"elementor-post__excerpt\">\n\t\t\t<p>En wat dat betekent voor jouw bedrijf met hernieuwbare energie De onbalansmarkt bepaalt elk kwartier wat energie waard is. Met het nieuwe Belgian Eco Energy-contract<\/p>\n\t\t<\/div>\n\t\t\n\t\t<a class=\"elementor-post__read-more\" href=\"https:\/\/b2b.ilumen.solar\/fr\/onbalansmarkt-elektriciteitsprijs-kwartier\/\" aria-label=\"Read more about Waarom de prijs van stroom elke 15 minuten verandert\" tabindex=\"-1\" >\n\t\t\tLire la suite \u00bb\t\t<\/a>\n\n\t\t\t\t<\/div>\n\t\t\t\t<div class=\"elementor-post__meta-data\">\n\t\t\t\t\t<span class=\"elementor-post-date\">\n\t\t\t27 mars 2026\t\t<\/span>\n\t\t\t\t<\/div>\n\t\t\t\t\t<\/div>\n\t\t<\/article>\n\t\t\t\t<article class=\"elementor-post elementor-grid-item post-13465 post type-post status-publish format-standard has-post-thumbnail hentry category-testimonials\" role=\"listitem\">\n\t\t\t<div class=\"elementor-post__card\">\n\t\t\t\t<a class=\"elementor-post__thumbnail__link\" href=\"https:\/\/b2b.ilumen.solar\/fr\/ilumen-hubo-zonhoven-van-duurzame-ambitie-naar-slim-energiesysteem\/\" tabindex=\"-1\" ><div class=\"elementor-post__thumbnail\"><img decoding=\"async\" width=\"300\" height=\"200\" data-src=\"https:\/\/b2b.ilumen.solar\/wp-content\/uploads\/2026\/02\/Hubo-Futech-9-2048x1362-1-300x200.jpg\" class=\"attachment-medium size-medium wp-image-13464 lazyload\" alt=\"Hubo Futech 9 2048x1362\" data-srcset=\"https:\/\/b2b.ilumen.solar\/wp-content\/uploads\/2026\/02\/Hubo-Futech-9-2048x1362-1-300x200.jpg 300w, https:\/\/b2b.ilumen.solar\/wp-content\/uploads\/2026\/02\/Hubo-Futech-9-2048x1362-1-1024x681.jpg 1024w, https:\/\/b2b.ilumen.solar\/wp-content\/uploads\/2026\/02\/Hubo-Futech-9-2048x1362-1-768x511.jpg 768w, https:\/\/b2b.ilumen.solar\/wp-content\/uploads\/2026\/02\/Hubo-Futech-9-2048x1362-1-1536x1022.jpg 1536w, https:\/\/b2b.ilumen.solar\/wp-content\/uploads\/2026\/02\/Hubo-Futech-9-2048x1362-1-18x12.jpg 18w, https:\/\/b2b.ilumen.solar\/wp-content\/uploads\/2026\/02\/Hubo-Futech-9-2048x1362-1.jpg 2048w\" data-sizes=\"(max-width: 300px) 100vw, 300px\" src=\"data:image\/svg+xml;base64,PHN2ZyB3aWR0aD0iMSIgaGVpZ2h0PSIxIiB4bWxucz0iaHR0cDovL3d3dy53My5vcmcvMjAwMC9zdmciPjwvc3ZnPg==\" style=\"--smush-placeholder-width: 300px; --smush-placeholder-aspect-ratio: 300\/200;\" \/><\/div><\/a>\n\t\t\t\t<div class=\"elementor-post__badge\">T\u00e9moignages<\/div>\n\t\t\t\t<div class=\"elementor-post__text\">\n\t\t\t\t<h3 class=\"elementor-post__title\">\n\t\t\t<a href=\"https:\/\/b2b.ilumen.solar\/fr\/ilumen-hubo-zonhoven-van-duurzame-ambitie-naar-slim-energiesysteem\/\" >\n\t\t\t\tiLumen &amp; Hubo Zonhoven : d'une ambition durable \u00e0 un syst\u00e8me \u00e9nerg\u00e9tique intelligent\t\t\t<\/a>\n\t\t<\/h3>\n\t\t\t\t<div class=\"elementor-post__excerpt\">\n\t\t\t<p>Hubo is \u00e9\u00e9n van de bekendste doe-het-zelfketens in Belgi\u00eb, met lokaal verankerde winkels die sterk inzetten op service en ondernemerschap. De vestiging in Zonhoven, uitgebaat<\/p>\n\t\t<\/div>\n\t\t\n\t\t<a class=\"elementor-post__read-more\" href=\"https:\/\/b2b.ilumen.solar\/fr\/ilumen-hubo-zonhoven-van-duurzame-ambitie-naar-slim-energiesysteem\/\" aria-label=\"Read more about iLumen &amp; Hubo Zonhoven: van duurzame ambitie naar slim energiesysteem\" tabindex=\"-1\" >\n\t\t\tLire la suite \u00bb\t\t<\/a>\n\n\t\t\t\t<\/div>\n\t\t\t\t<div class=\"elementor-post__meta-data\">\n\t\t\t\t\t<span class=\"elementor-post-date\">\n\t\t\t6 f\u00e9vrier 2026\t\t<\/span>\n\t\t\t\t<\/div>\n\t\t\t\t\t<\/div>\n\t\t<\/article>\n\t\t\t\t<article class=\"elementor-post elementor-grid-item post-10191 post type-post status-publish format-standard has-post-thumbnail hentry category-b2b-b2c tag-pidbox tag-zonnepanelen\" role=\"listitem\">\n\t\t\t<div class=\"elementor-post__card\">\n\t\t\t\t<a class=\"elementor-post__thumbnail__link\" href=\"https:\/\/b2b.ilumen.solar\/fr\/verlies-jij-ongemerkt-tot-17-rendement-op-je-zonnepanelen-deze-slimme-oplossing-voorkomt-dat\/\" tabindex=\"-1\" ><div class=\"elementor-post__thumbnail\"><img decoding=\"async\" width=\"300\" height=\"300\" data-src=\"https:\/\/b2b.ilumen.solar\/wp-content\/uploads\/2025\/10\/637ce0e35761533729923563_PIDbox-p-500-300x300.jpeg\" class=\"attachment-medium size-medium wp-image-10201 lazyload\" alt=\"PIDBOX\" data-srcset=\"https:\/\/b2b.ilumen.solar\/wp-content\/uploads\/2025\/10\/637ce0e35761533729923563_PIDbox-p-500-300x300.jpeg 300w, https:\/\/b2b.ilumen.solar\/wp-content\/uploads\/2025\/10\/637ce0e35761533729923563_PIDbox-p-500-150x150.jpeg 150w, https:\/\/b2b.ilumen.solar\/wp-content\/uploads\/2025\/10\/637ce0e35761533729923563_PIDbox-p-500-12x12.jpeg 12w, https:\/\/b2b.ilumen.solar\/wp-content\/uploads\/2025\/10\/637ce0e35761533729923563_PIDbox-p-500.jpeg 500w\" data-sizes=\"(max-width: 300px) 100vw, 300px\" src=\"data:image\/svg+xml;base64,PHN2ZyB3aWR0aD0iMSIgaGVpZ2h0PSIxIiB4bWxucz0iaHR0cDovL3d3dy53My5vcmcvMjAwMC9zdmciPjwvc3ZnPg==\" style=\"--smush-placeholder-width: 300px; --smush-placeholder-aspect-ratio: 300\/300;\" \/><\/div><\/a>\n\t\t\t\t<div class=\"elementor-post__badge\">b2b &amp; b2c<\/div>\n\t\t\t\t<div class=\"elementor-post__text\">\n\t\t\t\t<h3 class=\"elementor-post__title\">\n\t\t\t<a href=\"https:\/\/b2b.ilumen.solar\/fr\/verlies-jij-ongemerkt-tot-17-rendement-op-je-zonnepanelen-deze-slimme-oplossing-voorkomt-dat\/\" >\n\t\t\t\tVerlies jij ongemerkt tot 17% rendement op je zonnepanelen? Deze slimme oplossing voorkomt dat\u00a0\t\t\t<\/a>\n\t\t<\/h3>\n\t\t\t\t<div class=\"elementor-post__excerpt\">\n\t\t\t<p>Wist je dat je zonnepanelen tot 17% rendement kunnen verliezen zonder dat je het merkt? Veel eigenaars ontdekken pas na jaren dat hun opbrengst plots<\/p>\n\t\t<\/div>\n\t\t\n\t\t<a class=\"elementor-post__read-more\" href=\"https:\/\/b2b.ilumen.solar\/fr\/verlies-jij-ongemerkt-tot-17-rendement-op-je-zonnepanelen-deze-slimme-oplossing-voorkomt-dat\/\" aria-label=\"Read more about Verlies jij ongemerkt tot 17% rendement op je zonnepanelen? Deze slimme oplossing voorkomt dat\u00a0\" tabindex=\"-1\" >\n\t\t\tLire la suite \u00bb\t\t<\/a>\n\n\t\t\t\t<\/div>\n\t\t\t\t<div class=\"elementor-post__meta-data\">\n\t\t\t\t\t<span class=\"elementor-post-date\">\n\t\t\t16 octobre 2025\t\t<\/span>\n\t\t\t\t<\/div>\n\t\t\t\t\t<\/div>\n\t\t<\/article>\n\t\t\t\t<article class=\"elementor-post elementor-grid-item post-10186 post type-post status-publish format-standard has-post-thumbnail hentry category-b2b-b2c\" role=\"listitem\">\n\t\t\t<div class=\"elementor-post__card\">\n\t\t\t\t<a class=\"elementor-post__thumbnail__link\" href=\"https:\/\/b2b.ilumen.solar\/fr\/energiecontracten-met-kwartierprijs-in-opmars-hiermee-vermijd-je-een-torenhoge-factuur\/\" tabindex=\"-1\" ><div class=\"elementor-post__thumbnail\"><img decoding=\"async\" width=\"300\" height=\"180\" data-src=\"https:\/\/b2b.ilumen.solar\/wp-content\/uploads\/2025\/10\/shutterstock_2083554499-300x180.jpg\" class=\"attachment-medium size-medium wp-image-10189 lazyload\" alt=\"Energiecontracten met kwartierprijs in opmars? Hiermee vermijd je een torenhoge factuur\" data-srcset=\"https:\/\/b2b.ilumen.solar\/wp-content\/uploads\/2025\/10\/shutterstock_2083554499-300x180.jpg 300w, https:\/\/b2b.ilumen.solar\/wp-content\/uploads\/2025\/10\/shutterstock_2083554499-1024x616.jpg 1024w, https:\/\/b2b.ilumen.solar\/wp-content\/uploads\/2025\/10\/shutterstock_2083554499-768x462.jpg 768w, https:\/\/b2b.ilumen.solar\/wp-content\/uploads\/2025\/10\/shutterstock_2083554499-1536x924.jpg 1536w, https:\/\/b2b.ilumen.solar\/wp-content\/uploads\/2025\/10\/shutterstock_2083554499-2048x1231.jpg 2048w, https:\/\/b2b.ilumen.solar\/wp-content\/uploads\/2025\/10\/shutterstock_2083554499-18x12.jpg 18w\" data-sizes=\"(max-width: 300px) 100vw, 300px\" src=\"data:image\/svg+xml;base64,PHN2ZyB3aWR0aD0iMSIgaGVpZ2h0PSIxIiB4bWxucz0iaHR0cDovL3d3dy53My5vcmcvMjAwMC9zdmciPjwvc3ZnPg==\" style=\"--smush-placeholder-width: 300px; --smush-placeholder-aspect-ratio: 300\/180;\" \/><\/div><\/a>\n\t\t\t\t<div class=\"elementor-post__badge\">b2b &amp; b2c<\/div>\n\t\t\t\t<div class=\"elementor-post__text\">\n\t\t\t\t<h3 class=\"elementor-post__title\">\n\t\t\t<a href=\"https:\/\/b2b.ilumen.solar\/fr\/energiecontracten-met-kwartierprijs-in-opmars-hiermee-vermijd-je-een-torenhoge-factuur\/\" >\n\t\t\t\tEnergiecontracten met kwartierprijs in opmars? Hiermee vermijd je een torenhoge factuur\u00a0\u00a0\t\t\t<\/a>\n\t\t<\/h3>\n\t\t\t\t<div class=\"elementor-post__excerpt\">\n\t\t\t<p>De energiemarkt schakelt een versnelling hoger. ENGIE is een van de eerste leveranciers in Belgi\u00eb die energiecontracten aanbiedt met kwartierprijzen, waarbij je tarief elke 15<\/p>\n\t\t<\/div>\n\t\t\n\t\t<a class=\"elementor-post__read-more\" href=\"https:\/\/b2b.ilumen.solar\/fr\/energiecontracten-met-kwartierprijs-in-opmars-hiermee-vermijd-je-een-torenhoge-factuur\/\" aria-label=\"Read more about Energiecontracten met kwartierprijs in opmars? Hiermee vermijd je een torenhoge factuur\u00a0\u00a0\" tabindex=\"-1\" >\n\t\t\tLire la suite \u00bb\t\t<\/a>\n\n\t\t\t\t<\/div>\n\t\t\t\t<div class=\"elementor-post__meta-data\">\n\t\t\t\t\t<span class=\"elementor-post-date\">\n\t\t\t16 octobre 2025\t\t<\/span>\n\t\t\t\t<\/div>\n\t\t\t\t\t<\/div>\n\t\t<\/article>\n\t\t\t\t<article class=\"elementor-post elementor-grid-item post-9994 post type-post status-publish format-standard has-post-thumbnail hentry category-b2b-b2c\" role=\"listitem\">\n\t\t\t<div class=\"elementor-post__card\">\n\t\t\t\t<a class=\"elementor-post__thumbnail__link\" href=\"https:\/\/b2b.ilumen.solar\/fr\/augustus-was-zonnig-en-droog-en-had-een-tweede-hittegolf\/\" tabindex=\"-1\" ><div class=\"elementor-post__thumbnail\"><img decoding=\"async\" width=\"300\" height=\"169\" data-src=\"https:\/\/b2b.ilumen.solar\/wp-content\/uploads\/2025\/03\/Untitled-design-98-300x169.png\" class=\"attachment-medium size-medium wp-image-8965 lazyload\" alt=\"\" data-srcset=\"https:\/\/b2b.ilumen.solar\/wp-content\/uploads\/2025\/03\/Untitled-design-98-300x169.png 300w, https:\/\/b2b.ilumen.solar\/wp-content\/uploads\/2025\/03\/Untitled-design-98-1024x576.png 1024w, https:\/\/b2b.ilumen.solar\/wp-content\/uploads\/2025\/03\/Untitled-design-98-768x432.png 768w, https:\/\/b2b.ilumen.solar\/wp-content\/uploads\/2025\/03\/Untitled-design-98-1536x864.png 1536w, https:\/\/b2b.ilumen.solar\/wp-content\/uploads\/2025\/03\/Untitled-design-98-18x10.png 18w, https:\/\/b2b.ilumen.solar\/wp-content\/uploads\/2025\/03\/Untitled-design-98.png 1920w\" data-sizes=\"(max-width: 300px) 100vw, 300px\" src=\"data:image\/svg+xml;base64,PHN2ZyB3aWR0aD0iMSIgaGVpZ2h0PSIxIiB4bWxucz0iaHR0cDovL3d3dy53My5vcmcvMjAwMC9zdmciPjwvc3ZnPg==\" style=\"--smush-placeholder-width: 300px; --smush-placeholder-aspect-ratio: 300\/169;\" \/><\/div><\/a>\n\t\t\t\t<div class=\"elementor-post__badge\">b2b &amp; b2c<\/div>\n\t\t\t\t<div class=\"elementor-post__text\">\n\t\t\t\t<h3 class=\"elementor-post__title\">\n\t\t\t<a href=\"https:\/\/b2b.ilumen.solar\/fr\/augustus-was-zonnig-en-droog-en-had-een-tweede-hittegolf\/\" >\n\t\t\t\tAugustus was zonnig en droog \u00e9n had een tweede hittegolf\t\t\t<\/a>\n\t\t<\/h3>\n\t\t\t\t<div class=\"elementor-post__excerpt\">\n\t\t\t<p>Om het rendement van uw zonnepanelen snel en correct te beoordelen, is het belangrijk de zonnestraling in rekening te brengen. Om op een eenvoudige manier<\/p>\n\t\t<\/div>\n\t\t\n\t\t<a class=\"elementor-post__read-more\" href=\"https:\/\/b2b.ilumen.solar\/fr\/augustus-was-zonnig-en-droog-en-had-een-tweede-hittegolf\/\" aria-label=\"Read more about Augustus was zonnig en droog \u00e9n had een tweede hittegolf\" tabindex=\"-1\" >\n\t\t\tLire la suite \u00bb\t\t<\/a>\n\n\t\t\t\t<\/div>\n\t\t\t\t<div class=\"elementor-post__meta-data\">\n\t\t\t\t\t<span class=\"elementor-post-date\">\n\t\t\t3 septembre 2025\t\t<\/span>\n\t\t\t\t<\/div>\n\t\t\t\t\t<\/div>\n\t\t<\/article>\n\t\t\t\t<article class=\"elementor-post elementor-grid-item post-9936 post type-post status-publish format-standard has-post-thumbnail hentry category-b2b-b2c\" role=\"listitem\">\n\t\t\t<div class=\"elementor-post__card\">\n\t\t\t\t<a class=\"elementor-post__thumbnail__link\" href=\"https:\/\/b2b.ilumen.solar\/fr\/recordaantal-negatieve-stroomprijzen-zo-laat-je-geen-energie-en-geld-verloren-gaan\/\" tabindex=\"-1\" ><div class=\"elementor-post__thumbnail\"><img decoding=\"async\" width=\"300\" height=\"259\" data-src=\"https:\/\/b2b.ilumen.solar\/wp-content\/uploads\/2025\/08\/241210_iLumenPrinceLaurent_product-2-e1750233493301-300x259.jpeg\" class=\"attachment-medium size-medium wp-image-9939 lazyload\" alt=\"thuisbatterij\" data-srcset=\"https:\/\/b2b.ilumen.solar\/wp-content\/uploads\/2025\/08\/241210_iLumenPrinceLaurent_product-2-e1750233493301-300x259.jpeg 300w, https:\/\/b2b.ilumen.solar\/wp-content\/uploads\/2025\/08\/241210_iLumenPrinceLaurent_product-2-e1750233493301-768x663.jpeg 768w, https:\/\/b2b.ilumen.solar\/wp-content\/uploads\/2025\/08\/241210_iLumenPrinceLaurent_product-2-e1750233493301-14x12.jpeg 14w, https:\/\/b2b.ilumen.solar\/wp-content\/uploads\/2025\/08\/241210_iLumenPrinceLaurent_product-2-e1750233493301.jpeg 1024w\" data-sizes=\"(max-width: 300px) 100vw, 300px\" src=\"data:image\/svg+xml;base64,PHN2ZyB3aWR0aD0iMSIgaGVpZ2h0PSIxIiB4bWxucz0iaHR0cDovL3d3dy53My5vcmcvMjAwMC9zdmciPjwvc3ZnPg==\" style=\"--smush-placeholder-width: 300px; --smush-placeholder-aspect-ratio: 300\/259;\" \/><\/div><\/a>\n\t\t\t\t<div class=\"elementor-post__badge\">b2b &amp; b2c<\/div>\n\t\t\t\t<div class=\"elementor-post__text\">\n\t\t\t\t<h3 class=\"elementor-post__title\">\n\t\t\t<a href=\"https:\/\/b2b.ilumen.solar\/fr\/recordaantal-negatieve-stroomprijzen-zo-laat-je-geen-energie-en-geld-verloren-gaan\/\" >\n\t\t\t\tRecordaantal negatieve stroomprijzen: zo laat je geen energie (en geld) verloren gaan\u00a0\t\t\t<\/a>\n\t\t<\/h3>\n\t\t\t\t<div class=\"elementor-post__excerpt\">\n\t\t\t<p>Zelden was het stroomnet zo overvloedig gevuld als vandaag. In amper acht maanden tijd werd al even veel negatieve stroom genoteerd als in heel 2024.<\/p>\n\t\t<\/div>\n\t\t\n\t\t<a class=\"elementor-post__read-more\" href=\"https:\/\/b2b.ilumen.solar\/fr\/recordaantal-negatieve-stroomprijzen-zo-laat-je-geen-energie-en-geld-verloren-gaan\/\" aria-label=\"Read more about Recordaantal negatieve stroomprijzen: zo laat je geen energie (en geld) verloren gaan\u00a0\" tabindex=\"-1\" >\n\t\t\tLire la suite \u00bb\t\t<\/a>\n\n\t\t\t\t<\/div>\n\t\t\t\t<div class=\"elementor-post__meta-data\">\n\t\t\t\t\t<span class=\"elementor-post-date\">\n\t\t\t20 ao\u00fbt 2025\t\t<\/span>\n\t\t\t\t<\/div>\n\t\t\t\t\t<\/div>\n\t\t<\/article>\n\t\t\t\t<\/div>\n\t\t\t\t\t<span class=\"e-load-more-spinner\">\n\t\t\t\t<i aria-hidden=\"true\" class=\"fas fa-spinner\"><\/i>\t\t\t<\/span>\n\t\t\n\t\t\t\t<div class=\"e-load-more-anchor\" data-page=\"1\" data-max-page=\"4\" data-next-page=\"https:\/\/b2b.ilumen.solar\/fr\/wp-json\/wp\/v2\/pages\/13715\/page\/2\/\"><\/div>\n\t\t\t\t<div class=\"elementor-button-wrapper\">\n\t\t\t<a class=\"elementor-button elementor-size-sm\" role=\"button\">\n\t\t\t\t\t\t<span class=\"elementor-button-content-wrapper\">\n\t\t\t\t\t\t\t\t\t<span class=\"elementor-button-text\">Load More<\/span>\n\t\t\t\t\t<\/span>\n\t\t\t\t\t<\/a>\n\t\t<\/div>\n\t\t\t\t<div class=\"e-load-more-message\"><\/div>\n\t\t\t\t\t\t<\/div>\n\t\t\t\t<\/div>\n\t\t\t\t\t<\/div>\n\t\t\t\t<\/div>\n\t\t\t\t<\/div>","protected":false},"excerpt":{"rendered":"","protected":false},"author":22,"featured_media":0,"parent":0,"menu_order":0,"comment_status":"closed","ping_status":"closed","template":"","meta":{"_seopress_robots_primary_cat":"","_seopress_titles_title":"Blog & Nieuws | Energie-inzichten voor bedrijven | iLumen","_seopress_titles_desc":"Ontdek inzichten over slim energiebeheer, zonnepanelen, batterijopslag en laadinfrastructuur. Praktisch nieuws voor bedrijven die energie strategisch inzetten.","_seopress_robots_index":"","footnotes":""},"class_list":["post-13715","page","type-page","status-publish","hentry"],"_links":{"self":[{"href":"https:\/\/b2b.ilumen.solar\/fr\/wp-json\/wp\/v2\/pages\/13715","targetHints":{"allow":["GET"]}}],"collection":[{"href":"https:\/\/b2b.ilumen.solar\/fr\/wp-json\/wp\/v2\/pages"}],"about":[{"href":"https:\/\/b2b.ilumen.solar\/fr\/wp-json\/wp\/v2\/types\/page"}],"author":[{"embeddable":true,"href":"https:\/\/b2b.ilumen.solar\/fr\/wp-json\/wp\/v2\/users\/22"}],"replies":[{"embeddable":true,"href":"https:\/\/b2b.ilumen.solar\/fr\/wp-json\/wp\/v2\/comments?post=13715"}],"version-history":[{"count":29,"href":"https:\/\/b2b.ilumen.solar\/fr\/wp-json\/wp\/v2\/pages\/13715\/revisions"}],"predecessor-version":[{"id":14678,"href":"https:\/\/b2b.ilumen.solar\/fr\/wp-json\/wp\/v2\/pages\/13715\/revisions\/14678"}],"wp:attachment":[{"href":"https:\/\/b2b.ilumen.solar\/fr\/wp-json\/wp\/v2\/media?parent=13715"}],"curies":[{"name":"wp","href":"https:\/\/api.w.org\/{rel}","templated":true}]}}